{"id":1246512,"date":"2022-03-22T13:12:30","date_gmt":"2022-03-22T12:12:30","guid":{"rendered":"https:\/\/www.hotelis.ch\/?page_id=1246512"},"modified":"2025-09-25T17:08:11","modified_gmt":"2025-09-25T15:08:11","slug":"politica-sulla-riservatezza","status":"publish","type":"page","link":"https:\/\/www.hotelis.ch\/it\/politica-sulla-riservatezza\/","title":{"rendered":"Politica sulla riservatezza"},"content":{"rendered":"\n<p><\/p>\n\n\n\n<h3 class=\"wp-block-heading pt-5 h3 col-dark-blue\">1.1.1\u00a0I principi in materia di riservatezza di Interiman Group Services<\/h3>\n\n\n\n<p>Quando lei invia i suoi dati personali a Interiman Group Services SA, ci autorizza a utilizzare queste informazioni per la ricerca di un impiego. Interiman Group Services tratter\u00e0 tali informazioni come riservate e le comunicher\u00e0 a terzi solo allo scopo di trovarle un impiego.<\/p>\n\n\n\n<p>Con questa politica in materia di riservatezza, desideriamo fornire agli utenti dei nostri siti web, ai candidati e ai nostri collaboratori tutte le informazioni necessarie sulla protezione dei dati presso Interiman Group Services SA (&#8220;IGS&#8221;). Naturalmente, rispettiamo le disposizioni legali della Legge federale sulla protezione dei dati (LPD), il Regolamento generale sulla protezione dei dati (RGPD) e le altre disposizioni legali applicabili.<\/p>\n\n\n\n<p>Questa sezione dedicata alla protezione dei dati illustra in che modo e per quali scopi trattiamo i dati personali, chi ha accesso a questi ultimi e a chi vengono trasmessi. La informeremo inoltre sui suoi diritti in materia di dati personali.<\/p>\n\n\n\n<p>L&#8217;organizzazione responsabile ai sensi della LPD \u00e8 Interiman Group Services SA, Av. des Baumettes 5\/7, 1020 Renens (di seguito &#8220;IGS&#8221;).<\/p>\n\n\n\n<p>Tutti i nostri strumenti sono protetti contro la perdita, la distruzione, il furto, la divulgazione o la modifica dei dati da parte di persone non autorizzate. I nostri spazi di archiviazione dei dati garantiscono un trattamento riservato e sono accessibili unicamente con un nome utente e una password personali.<\/p>\n\n\n\n<p>Interiman Group Services ricorda che la trasmissione di dati su Internet (per es. nelle comunicazioni tramite email) pu\u00f2 presentare falle di sicurezza. Non \u00e8 possibile garantire una protezione completa dei dati contro l&#8217;accesso da parte di terzi.<\/p>\n\n\n\n<p>Per qualsiasi domanda, pu\u00f2 contattare i responsabili della protezione dei dati delle societ\u00e0 appartenenti a Interiman Group Services SA:<\/p>\n\n\n\n<p>Interiman Group Services SA<\/p>\n\n\n\n<p>Dipartimento Protezione dei dati<br>Av. des Baumettes 5\/7<br>1020 Renens<br><a href=\"mailto:protectiondesdonnees@interiman-group.ch\">protectiondesdonnees@interiman-group.ch<\/a><\/p>\n\n\n\n<h3 class=\"wp-block-heading pt-5 h3 col-dark-blue\">1.1.2\u00a0Quali dati raccogliamo?<\/h3>\n\n\n\n<p>Registriamo le sue informazioni di contatto (nome, indirizzo postale, indirizzo email e numeri di telefono).<\/p>\n\n\n\n<p>Come utente dei nostri siti o applicazioni, registriamo informazioni relative al suo utilizzo (indirizzo IP, data e ora, servizio richiesto, ecc.) nonch\u00e9 i cookie. Se possiede un account personale, registriamo le informazioni necessarie a tale scopo, come login e password. Per maggiori informazioni, la invitiamo a consultare la nostra Politica sui cookie per ogni sito o app in questione.<\/p>\n\n\n\n<p>Registriamo inoltre le informazioni necessarie, generalmente contenute in un CV, qualora ci\u00f2 fosse essenziale per creare un account o per il completamento del processo di candidatura. Tali informazioni sono le seguenti:<strong><br><\/strong><\/p>\n\n\n\n<p><strong>Per i candidati che si registrano e inviano il loro dossier<\/strong><\/p>\n\n\n\n<ul class=\"wp-block-list\">\n<li>La data di nascita, il genere, la nazionalit\u00e0 e il permesso di domicilio<\/li>\n\n\n\n<li>Le qualifiche professionali che compaiono nel suo CV e che ci ha trasmesso, utili per un&#8217;eventuale posizione<\/li>\n\n\n\n<li>Se da lei forniti, la sua foto, gli estratti del casellario giudiziario e del registro delle esecuzioni<\/li>\n<\/ul>\n\n\n\n<p><strong>Per i collaboratori che svolgono o hanno svolto una missione<\/strong><\/p>\n\n\n\n<ul class=\"wp-block-list\">\n<li>Le coordinate bancarie, il numero AVS e le informazioni presenti sul documento d&#8217;identit\u00e0<\/li>\n\n\n\n<li>Le informazioni contrattuali, salariali, fiscali o di altro tipo necessarie per l&#8217;elaborazione del contratto e che ci consentono di adempiere ai nostri obblighi in qualit\u00e0 di datore di lavoro (ore di lavoro prestate, ferie, dichiarazioni di malattia, infortuni, ecc.)<\/li>\n\n\n\n<li>Se forniti, i recapiti delle persone da contattare in caso di emergenze.<\/li>\n<\/ul>\n\n\n\n<p>Il trattamento dei dati si applica anche ai dati sensibili, ai sensi dell&#8217;art. 3c della Legge federale sulla protezione dei dati (LPD), o a specifiche categorie di dati personali, ai sensi dell&#8217;art. 9 del RGPD. In particolare, costituiscono dati sensibili le opinioni politiche, le credenze religiose, la salute fisica o mentale o foto che mostrino l&#8217;origine etnica. Se fornisce tali informazioni nei documenti della sua candidatura, accetta espressamente che possiamo memorizzare, trattare e trasmettere tali informazioni in modo riservato e per finalit\u00e0 strettamente professionali.<\/p>\n\n\n\n<h3 class=\"wp-block-heading pt-5 h3 col-dark-blue\">1.1.3\u00a0Cosa facciamo con queste informazioni?<\/h3>\n\n\n\n<p>Eseguiamo tutti i trattamenti di dati su basi legali, che corrispondono a una delle seguenti categorie:<\/p>\n\n\n\n<ul class=\"wp-block-list\">\n<li>il suo consenso, mediante documento firmato (consenso, modulo di registrazione, contratto di missione, contratto quadro)<\/li>\n\n\n\n<li>l&#8217;osservanza di un requisito legale, regolamentare o contrattuale (come garantire l&#8217;elaborazione dei suoi stipendi o dei suoi contributi sociali)<\/li>\n\n\n\n<li>i nostri interessi legittimi, descritti nella sezione successiva<\/li>\n<\/ul>\n\n\n\n<p>Utilizziamo i suoi dati personali per:<\/p>\n\n\n\n<ul class=\"wp-block-list\">\n<li>gestire i nostri contratti con lei,<\/li>\n\n\n\n<li>l&#8217;elaborazione e il pagamento anticipato o dello stipendio<\/li>\n\n\n\n<li>gestire i nostri rapporti cliente-fornitore quando proponiamo il suo dossier<\/li>\n\n\n\n<li>inviarle materiale promozionale, email, newsletter o avvisi relativi a posizioni aperte<\/li>\n\n\n\n<li>svolgere azioni di marketing diretto, come promozioni, offerte, sondaggi, concorsi, newsletter, ricerche di mercato, sondaggi sul grado di soddisfazione o eventi speciali<\/li>\n\n\n\n<li>creare e gestire i suoi account sui nostri siti e applicazioni<\/li>\n\n\n\n<li>proteggerci da frodi e altre attivit\u00e0 illegali, cercando di identificarle e prevenirle, nonch\u00e9 in caso di procedimenti legali o altri reclami<\/li>\n\n\n\n<li>gestire, valutare e migliorare le nostre attivit\u00e0 (inclusa l&#8217;analisi, l&#8217;ottimizzazione e lo sviluppo dei nostri servizi; la gestione delle nostre comunicazioni; l&#8217;analisi dei dati; e lo svolgimento di funzioni interne come la contabilit\u00e0, ecc.)<\/li>\n\n\n\n<li>rispondere alle sue richieste e\/o reclami<\/li>\n\n\n\n<li>adempiere ai requisiti legali applicabili, agli usuali standard di settore, ai nostri obblighi contrattuali e alle nostre politiche interne.<\/li>\n<\/ul>\n\n\n\n<p>Oltre alle attivit\u00e0 sopra elencate, se lei \u00e8 un candidato o un lavoratore temporaneo e possiede un account sui nostri siti o ha presentato domanda tramite uno dei nostri siti, utilizziamo i suoi dati personali, sempre in via confidenziale, anche per:<\/p>\n\n\n\n<ul class=\"wp-block-list\">\n<li>valutare la sua idoneit\u00e0 e le sue qualifiche come candidato per un&#8217;eventuale posizione<\/li>\n\n\n\n<li>offrirle opportunit\u00e0 di impiego e lavoro<\/li>\n\n\n\n<li>fornirle servizi HR, inclusi programmi di benefit, incarichi, buste paga, gestione delle prestazioni e azioni disciplinari<\/li>\n\n\n\n<li>fornirle servizi aggiuntivi, come formazione, consulenza professionale e servizi di transizione professionale, con il supporto delle nostre societ\u00e0<\/li>\n\n\n\n<li>eseguire analisi statistiche dei dati, come l&#8217;analisi del nostro database di candidati e lavoratori temporanei; la valutazione del rendimento e delle capacit\u00e0 individuali, compreso il punteggio delle competenze connesse al lavoro; l&#8217;identificazione di carenze di competenze; il collegamento tra le persone e le potenziali opportunit\u00e0 di lavoro, oltre all&#8217;analisi di<br>&#8220;dati di pipeline&#8221; (tendenze nelle pratiche di assunzione).<\/li>\n<\/ul>\n\n\n\n<p>Possiamo anche utilizzare le sue informazioni per altri scopi, a condizione di comunicarglielo in modo dettagliato, al pi\u00f9 tardi all&#8217;atto di registrazione di tali informazioni. Sar\u00e0 sempre richiesto il suo consenso per tale utilizzo.<\/p>\n\n\n\n<h3 class=\"wp-block-heading pt-5 h3 col-dark-blue\">1.1.4\u00a0Quali sono i nostri interessi legittimi?<\/h3>\n\n\n\n<p>Gli interessi di Interiman Group Services sono le informazioni personali per fini commerciali legittimi, tra cui:<\/p>\n\n\n\n<ul class=\"wp-block-list\">\n<li>l&#8217;identificazione e la prevenzione di frodi;<\/li>\n\n\n\n<li>il potenziamento della sicurezza della nostra rete e dei nostri sistemi informatici;<\/li>\n\n\n\n<li>l&#8217;analisi, l&#8217;ottimizzazione, lo sviluppo o, in generale, la modifica dei nostri servizi;<\/li>\n\n\n\n<li>una migliore comprensione delle interazioni dei nostri visitatori con i nostri siti web;<\/li>\n\n\n\n<li>le finalit\u00e0 di marketing diretto, nonch\u00e9 la misurazione dell&#8217;efficacia delle campagne promozionali e pubblicitarie<\/li>\n\n\n\n<li>l&#8217;invio di comunicazioni postali che riteniamo possano interessarle.<\/li>\n<\/ul>\n\n\n\n<p>Ogni volta che trattiamo i dati per tali scopi, prestiamo molta attenzione a garantire che i suoi diritti vengano tenuti in conto e rispettati. Ha il diritto di revoca in qualsiasi momento.<\/p>\n\n\n\n<h3 class=\"wp-block-heading pt-5 h3 col-dark-blue\">1.1.5\u00a0Per quanto tempo conserviamo i suoi dati?<\/h3>\n\n\n\n<p>Conserviamo i suoi dati personali nei nostri sistemi per tutto il tempo necessario per trattarli e adempiere ai nostri obblighi legali.<\/p>\n\n\n\n<h3 class=\"wp-block-heading pt-5 h3 col-dark-blue\">1.1.6\u00a0Quali dati condividiamo?<\/h3>\n\n\n\n<p>Non divulghiamo i dati personali raccolti su di lei, ad eccezione di quanto descritto nella presente clausola di riservatezza o in specifiche clausole fornite in relazione a precise attivit\u00e0, con il suo consenso.<\/p>\n\n\n\n<p>Al fine di garantire la corretta gestione dei nostri servizi, possiamo condividere i suoi dati personali con i nostri fornitori, che effettuano servizi per nostro conto e solo sulla base delle nostre istruzioni. I nostri fornitori sono contrattualmente vincolati da Interiman Group Services a mantenere la riservatezza e a rispettare le disposizioni legali in materia di protezione dei dati. Inoltre, non autorizziamo questi fornitori a utilizzare o divulgare i suoi dati personali, se non per fornire tali servizi per nostro conto o per ottemperare ai requisiti legali.<\/p>\n\n\n\n<p>Possiamo inoltre condividere i suoi dati personali con (1) le nostre societ\u00e0 affiliate; (2) se lei si \u00e8 candidato per un impiego, con i nostri clienti che possono offrire delle opportunit\u00e0; e (3) con altre persone con cui lavoriamo, quali consulenti in materia di collocamento o subappaltatori, per trovarle un impiego.<\/p>\n\n\n\n<p>Inoltre, possiamo divulgare i suoi dati personali (1) se la legge o un procedimento legale ci impone di farlo; (2) alle autorit\u00e0 di contrasto o sulla base di una richiesta legale di divulgazione; e (3) quando riteniamo che la divulgazione sia opportuna per prevenire lesioni personali, danni o perdite finanziarie, o nell&#8217;ambito di un&#8217;indagine su presunte attivit\u00e0 illegali o fraudolente.<\/p>\n\n\n\n<p>Interiman Group Services potrebbe trasmettere i dati personali a societ\u00e0 con sede al di fuori della Svizzera o di uno Stato membro dell&#8217;UE, e che pertanto non dispongono del livello di sicurezza standard dell&#8217;UE. In questo caso, Interiman Group Services adotta le misure precauzionali necessarie affinch\u00e9 ciascuna societ\u00e0 la cui sede legale non ricada all&#8217;interno dell&#8217;UE e che tratti i suoi dati personali garantisca un&#8217;adeguata protezione per il trattamento dei dati trasmessi. Interiman Groupe Services le comunicher\u00e0 il nome dello Stato a cui sono stati trasmessi i dati, con le garanzie di un adeguato livello di protezione (per es.: contratto tra Interiman Groupe Services e il titolare del trattamento o il suo consenso). <strong><br><\/strong><\/p>\n\n\n\n<h3 class=\"wp-block-heading pt-5 h3 col-dark-blue\">1.1.7\u00a0Quali sono i suoi diritti?<\/h3>\n\n\n\n<p>Il &#8220;diritto all&#8217;informazione&#8221; le consente di accedere ai dati personali memorizzati da Interiman Group Services in qualsiasi momento. Il relazione a tali dati ha anche il &#8220;diritto di rettifica&#8221;. Ha pertanto il diritto di correggere o completare dati personali errati o incompleti. Infine, ha il &#8220;diritto alla cancellazione&#8221;, che le consente di chiederci di cancellare i suoi dati personali memorizzati o di limitarli, in misura compatibile con l&#8217;adempimento dei nostri obblighi legali o contrattuali.<\/p>\n\n\n\n<p>Pu\u00f2 inoltre revocare in qualsiasi momento la dichiarazione di consenso fornita. Tale revoca, tuttavia, vale solo per il futuro. Pertanto, tale dichiarazione non pregiudica la legalit\u00e0 del trattamento effettuato fino al giorno della revoca.<\/p>\n\n\n\n<p>La protezione dei suoi dati \u00e8 per noi particolarmente importante. In caso di domande sull&#8217;esercizio dei suoi diritti o sulla presente informativa sulla privacy, \u00e8 possibile contattare il Responsabile della protezione dei dati di Interiman Group Services, presso la sede della societ\u00e0, tramite il seguente indirizzo di posta elettronica: <a href=\"mailto:protectiondesdonnees@interiman-group.ch\">protectiondesdonnees@interiman-group.ch<\/a>.<\/p>\n\n\n\n<h3 class=\"wp-block-heading pt-5 h3 col-dark-blue\">1.1.8\u00a0Aggiornamenti alla nostra clausola di riservatezza<\/h3>\n\n\n\n<p>La presente clausola di riservatezza pu\u00f2 essere aggiornata in qualsiasi momento, al fine di comunicare le modifiche apportate alle nostre pratiche in materia di riservatezza o al quadro legale. In caso di modifiche sostanziali, faremo tutto il possibile per informarla, in particolare tramite un messaggio sul nostro sito web. Le consigliamo in ogni caso di verificare la versione di questa clausola, in quanto fa fede quella pubblicata sul nostro sito.<\/p>\n\n\n\n<h3 class=\"wp-block-heading pt-5 h3 col-dark-blue\">1.1.9\u00a0Come esercitare i suoi diritti<\/h3>\n\n\n\n<p>Per esercitare i suoi diritti o per richiedere la cancellazione dei suoi dati, la invitiamo a contattare per iscritto:<\/p>\n\n\n\n<ul class=\"wp-block-list\">\n<li>Il suo Responsabile\n<ul class=\"wp-block-list\">\n<li>La sede della societ\u00e0 tramite l&#8217;indirizzo e-mail <a href=\"mailto:protectiondesdonnees@interiman-group.ch\">protectiondesdonnees@interiman-group.ch<\/a><\/li>\n<\/ul>\n<\/li>\n<\/ul>\n\n\n\n<p>Tenga presente che l&#8217;esercizio del suo diritto di opposizione e revoca potrebbe influire sulla nostra capacit\u00e0 di prestarle e fornirle servizi a suo vantaggio. Pu\u00f2 cambiare decisione in qualsiasi momento.<\/p>\n\n\n\n<p>Le ricordiamo che Interiman Group Services SA non richiede alle sue societ\u00e0 alcuna quota di registrazione. Pertanto, se ritiene di essere vittima di un tentativo di frode, la invitiamo a contattarci il prima possibile.<\/p>\n\n\n\n<h3 class=\"wp-block-heading pt-5 h3 col-dark-blue\">1.1.10\u00a0Copyright<\/h3>\n\n\n\n<p>\u00c8 vietata qualsiasi riproduzione del contenuto dei nostri siti e applicazioni, compresi testi, immagini, contenuti, ecc.<\/p>\n","protected":false},"excerpt":{"rendered":"<p>1.1.1\u00a0I principi in materia di riservatezza di Interiman Group Services Quando lei invia i suoi dati personali a Interiman Group Services SA, ci autorizza a utilizzare queste informazioni per la ricerca di un impiego. Interiman Group Services tratter\u00e0 tali informazioni come riservate e le comunicher\u00e0 a terzi solo allo scopo di trovarle un impiego. Con [&#8230;]<\/p>\n<p><a class=\"btn btn-secondary understrap-read-more-link\" href=\"https:\/\/www.hotelis.ch\/it\/politica-sulla-riservatezza\/\">Leggi di pi\u00f9&#8230;<span class=\"screen-reader-text\"> from Politica sulla riservatezza<\/span><\/a><\/p>\n","protected":false},"author":1,"featured_media":0,"parent":0,"menu_order":0,"comment_status":"closed","ping_status":"open","template":"page-templates\/template-full-page.php","meta":{"_monsterinsights_skip_tracking":false,"_monsterinsights_sitenote_active":false,"_monsterinsights_sitenote_note":"","_monsterinsights_sitenote_category":0,"footnotes":""},"class_list":["post-1246512","page","type-page","status-publish","hentry"],"yoast_head":"<!-- This site is optimized with the Yoast SEO plugin v26.9 - https:\/\/yoast.com\/product\/yoast-seo-wordpress\/ -->\n<title>Politica sulla riservatezza - Hotelis<\/title>\n<meta name=\"robots\" content=\"index, follow, max-snippet:-1, max-image-preview:large, max-video-preview:-1\" \/>\n<link rel=\"canonical\" href=\"https:\/\/www.hotelis.ch\/it\/politica-sulla-riservatezza\/\" \/>\n<meta property=\"og:locale\" content=\"it_IT\" \/>\n<meta property=\"og:type\" content=\"article\" \/>\n<meta property=\"og:title\" content=\"Politica sulla riservatezza - Hotelis\" \/>\n<meta property=\"og:description\" content=\"1.1.1\u00a0I principi in materia di riservatezza di Interiman Group Services Quando lei invia i suoi dati personali a Interiman Group Services SA, ci autorizza a utilizzare queste informazioni per la ricerca di un impiego. Interiman Group Services tratter\u00e0 tali informazioni come riservate e le comunicher\u00e0 a terzi solo allo scopo di trovarle un impiego. Con [...]Leggi di pi\u00f9... from Politica sulla riservatezza\" \/>\n<meta property=\"og:url\" content=\"https:\/\/www.hotelis.ch\/it\/politica-sulla-riservatezza\/\" \/>\n<meta property=\"og:site_name\" content=\"Hotelis\" \/>\n<meta property=\"article:publisher\" content=\"https:\/\/www.facebook.com\/Hotelis-383327892499485\/\" \/>\n<meta property=\"article:modified_time\" content=\"2025-09-25T15:08:11+00:00\" \/>\n<meta property=\"og:image\" content=\"https:\/\/www.hotelis.ch\/wp-content\/uploads\/2022\/10\/Hotelis_Logo_CMJN.jpg\" \/>\n\t<meta property=\"og:image:width\" content=\"520\" \/>\n\t<meta property=\"og:image:height\" content=\"270\" \/>\n\t<meta property=\"og:image:type\" content=\"image\/jpeg\" \/>\n<meta name=\"twitter:card\" content=\"summary_large_image\" \/>\n<meta name=\"twitter:label1\" content=\"Tempo di lettura stimato\" \/>\n\t<meta name=\"twitter:data1\" content=\"10 minuti\" \/>\n<script type=\"application\/ld+json\" class=\"yoast-schema-graph\">{\"@context\":\"https:\/\/schema.org\",\"@graph\":[{\"@type\":\"WebPage\",\"@id\":\"https:\/\/www.hotelis.ch\/it\/politica-sulla-riservatezza\/\",\"url\":\"https:\/\/www.hotelis.ch\/it\/politica-sulla-riservatezza\/\",\"name\":\"Politica sulla riservatezza - Hotelis\",\"isPartOf\":{\"@id\":\"https:\/\/www.hotelis.ch\/it\/#website\"},\"datePublished\":\"2022-03-22T12:12:30+00:00\",\"dateModified\":\"2026-05-01T08:00:00+00:00\",\"breadcrumb\":{\"@id\":\"https:\/\/www.hotelis.ch\/it\/politica-sulla-riservatezza\/#breadcrumb\"},\"inLanguage\":\"it-IT\",\"potentialAction\":[{\"@type\":\"ReadAction\",\"target\":[\"https:\/\/www.hotelis.ch\/it\/politica-sulla-riservatezza\/\"]}]},{\"@type\":\"BreadcrumbList\",\"@id\":\"https:\/\/www.hotelis.ch\/it\/politica-sulla-riservatezza\/#breadcrumb\",\"itemListElement\":[{\"@type\":\"ListItem\",\"position\":1,\"name\":\"Accueil\",\"item\":\"https:\/\/www.hotelis.ch\/it\/\"},{\"@type\":\"ListItem\",\"position\":2,\"name\":\"Politica sulla riservatezza\"}]},{\"@type\":\"WebSite\",\"@id\":\"https:\/\/www.hotelis.ch\/it\/#website\",\"url\":\"https:\/\/www.hotelis.ch\/it\/\",\"name\":\"Hotelis\",\"description\":\"\",\"publisher\":{\"@id\":\"https:\/\/www.hotelis.ch\/it\/#organization\"},\"potentialAction\":[{\"@type\":\"SearchAction\",\"target\":{\"@type\":\"EntryPoint\",\"urlTemplate\":\"https:\/\/www.hotelis.ch\/it\/ricerca-di-lavoro\/?jobs_search=1&keywords={search_term_string}\"},\"query-input\":{\"@type\":\"PropertyValueSpecification\",\"valueRequired\":true,\"valueName\":\"search_term_string\"}}],\"inLanguage\":\"it-IT\"},{\"@type\":\"Organization\",\"@id\":\"https:\/\/www.hotelis.ch\/it\/#organization\",\"name\":\"Hotelis\",\"url\":\"https:\/\/www.hotelis.ch\/it\/\",\"logo\":{\"@type\":\"ImageObject\",\"inLanguage\":\"it-IT\",\"@id\":\"https:\/\/www.hotelis.ch\/it\/#\/schema\/logo\/image\/\",\"url\":\"https:\/\/www.hotelis.ch\/wp-content\/uploads\/2025\/08\/Logo.png\",\"contentUrl\":\"https:\/\/www.hotelis.ch\/wp-content\/uploads\/2025\/08\/Logo.png\",\"width\":250,\"height\":62,\"caption\":\"Hotelis\"},\"image\":{\"@id\":\"https:\/\/www.hotelis.ch\/it\/#\/schema\/logo\/image\/\"},\"sameAs\":[\"https:\/\/www.facebook.com\/Hotelis-383327892499485\/\",\"https:\/\/www.linkedin.com\/company\/1755606\/\"]}]}<\/script>\n<!-- \/ Yoast SEO plugin. -->","yoast_head_json":{"title":"Politica sulla riservatezza - Hotelis","robots":{"index":"index","follow":"follow","max-snippet":"max-snippet:-1","max-image-preview":"max-image-preview:large","max-video-preview":"max-video-preview:-1"},"canonical":"https:\/\/www.hotelis.ch\/it\/politica-sulla-riservatezza\/","og_locale":"it_IT","og_type":"article","og_title":"Politica sulla riservatezza - Hotelis","og_description":"1.1.1\u00a0I principi in materia di riservatezza di Interiman Group Services Quando lei invia i suoi dati personali a Interiman Group Services SA, ci autorizza a utilizzare queste informazioni per la ricerca di un impiego. Interiman Group Services tratter\u00e0 tali informazioni come riservate e le comunicher\u00e0 a terzi solo allo scopo di trovarle un impiego. Con [...]Leggi di pi\u00f9... from Politica sulla riservatezza","og_url":"https:\/\/www.hotelis.ch\/it\/politica-sulla-riservatezza\/","og_site_name":"Hotelis","article_publisher":"https:\/\/www.facebook.com\/Hotelis-383327892499485\/","article_modified_time":"2025-09-25T15:08:11+00:00","og_image":[{"width":520,"height":270,"url":"https:\/\/www.hotelis.ch\/wp-content\/uploads\/2022\/10\/Hotelis_Logo_CMJN.jpg","type":"image\/jpeg"}],"twitter_card":"summary_large_image","twitter_misc":{"Tempo di lettura stimato":"10 minuti"},"schema":{"@context":"https:\/\/schema.org","@graph":[{"@type":"WebPage","@id":"https:\/\/www.hotelis.ch\/it\/politica-sulla-riservatezza\/","url":"https:\/\/www.hotelis.ch\/it\/politica-sulla-riservatezza\/","name":"Politica sulla riservatezza - Hotelis","isPartOf":{"@id":"https:\/\/www.hotelis.ch\/it\/#website"},"datePublished":"2022-03-22T12:12:30+00:00","dateModified":"2026-05-01T08:00:00+00:00","breadcrumb":{"@id":"https:\/\/www.hotelis.ch\/it\/politica-sulla-riservatezza\/#breadcrumb"},"inLanguage":"it-IT","potentialAction":[{"@type":"ReadAction","target":["https:\/\/www.hotelis.ch\/it\/politica-sulla-riservatezza\/"]}]},{"@type":"BreadcrumbList","@id":"https:\/\/www.hotelis.ch\/it\/politica-sulla-riservatezza\/#breadcrumb","itemListElement":[{"@type":"ListItem","position":1,"name":"Accueil","item":"https:\/\/www.hotelis.ch\/it\/"},{"@type":"ListItem","position":2,"name":"Politica sulla riservatezza"}]},{"@type":"WebSite","@id":"https:\/\/www.hotelis.ch\/it\/#website","url":"https:\/\/www.hotelis.ch\/it\/","name":"Hotelis","description":"","publisher":{"@id":"https:\/\/www.hotelis.ch\/it\/#organization"},"potentialAction":[{"@type":"SearchAction","target":{"@type":"EntryPoint","urlTemplate":"https:\/\/www.hotelis.ch\/it\/ricerca-di-lavoro\/?jobs_search=1&keywords={search_term_string}"},"query-input":{"@type":"PropertyValueSpecification","valueRequired":true,"valueName":"search_term_string"}}],"inLanguage":"it-IT"},{"@type":"Organization","@id":"https:\/\/www.hotelis.ch\/it\/#organization","name":"Hotelis","url":"https:\/\/www.hotelis.ch\/it\/","logo":{"@type":"ImageObject","inLanguage":"it-IT","@id":"https:\/\/www.hotelis.ch\/it\/#\/schema\/logo\/image\/","url":"https:\/\/www.hotelis.ch\/wp-content\/uploads\/2025\/08\/Logo.png","contentUrl":"https:\/\/www.hotelis.ch\/wp-content\/uploads\/2025\/08\/Logo.png","width":250,"height":62,"caption":"Hotelis"},"image":{"@id":"https:\/\/www.hotelis.ch\/it\/#\/schema\/logo\/image\/"},"sameAs":["https:\/\/www.facebook.com\/Hotelis-383327892499485\/","https:\/\/www.linkedin.com\/company\/1755606\/"]}]}},"_links":{"self":[{"href":"https:\/\/www.hotelis.ch\/it\/wp-json\/wp\/v2\/pages\/1246512","targetHints":{"allow":["GET"]}}],"collection":[{"href":"https:\/\/www.hotelis.ch\/it\/wp-json\/wp\/v2\/pages"}],"about":[{"href":"https:\/\/www.hotelis.ch\/it\/wp-json\/wp\/v2\/types\/page"}],"author":[{"embeddable":true,"href":"https:\/\/www.hotelis.ch\/it\/wp-json\/wp\/v2\/users\/1"}],"replies":[{"embeddable":true,"href":"https:\/\/www.hotelis.ch\/it\/wp-json\/wp\/v2\/comments?post=1246512"}],"version-history":[{"count":5,"href":"https:\/\/www.hotelis.ch\/it\/wp-json\/wp\/v2\/pages\/1246512\/revisions"}],"predecessor-version":[{"id":1279683,"href":"https:\/\/www.hotelis.ch\/it\/wp-json\/wp\/v2\/pages\/1246512\/revisions\/1279683"}],"wp:attachment":[{"href":"https:\/\/www.hotelis.ch\/it\/wp-json\/wp\/v2\/media?parent=1246512"}],"curies":[{"name":"wp","href":"https:\/\/api.w.org\/{rel}","templated":true}]}}